{"id":15819,"date":"2023-03-07T11:35:12","date_gmt":"2023-03-07T10:35:12","guid":{"rendered":"https:\/\/www.consultingcheck.com\/\/topics\/dia-de-la-deuda-ecologica\/15819\/"},"modified":"2023-05-18T12:56:25","modified_gmt":"2023-05-18T10:56:25","slug":"dia-de-la-deuda-ecologica","status":"publish","type":"jask_topic","link":"https:\/\/www.consultingcheck.com\/es\/topics\/dia-de-la-deuda-ecologica\/15819\/","title":{"rendered":"D\u00eda de la deuda ecol\u00f3gica"},"content":{"rendered":"\n<p>El D\u00eda de la Deuda Ecol\u00f3gica es interesante. Se trata del d\u00eda del a\u00f1o en que la huella ecol\u00f3gica absorbida por la humanidad es tan grande como la capacidad de nuestra Tierra. Seg\u00fan esto, el l\u00edmite de capacidad se supera ya en julio del a\u00f1o en curso. Durante el resto de los a\u00f1os, \u00absobreexplotamos\u00bb nuestra tierra.<\/p>\n\n\n\n<p>La huella ecol\u00f3gica se define en \u00abhect\u00e1reas globales\u00bb (hag). Se trata de la superficie terrestre necesaria para alimentar a una persona. Esta demanda se compara con la capacidad de la tierra. La huella ecol\u00f3gica global en 2013 fue de 2,87 hag\/persona, mientras que la biocapacidad fue de 1,71 hag\/persona. Vivimos por encima de nuestras posibilidades. Pero a esto hay que a\u00f1adir que las huellas y las capacidades est\u00e1n distribuidas de forma muy desigual en el mundo:<\/p>\n\n\n\n<p>La huella ecol\u00f3gica en Norteam\u00e9rica es de 8,61 hag\/persona, mientras que la biocapacidad es de 5,02 hag\/persona; en Europa, la demanda es de 4,87 hag\/persona y la capacidad de 3,24 hag\/persona; en \u00c1frica, la relaci\u00f3n demanda\/capacidad es de 1,4 hag\/persona frente a 1,23 hag\/persona y en Asia, de 2,32\/0,77 hag\/persona. En cambio, el balance es positivo en Sudam\u00e9rica, con 3,01\/7,48 hag\/persona, y en Australia y Nueva Zelanda, con 8,21\/14,76 hag\/persona.<\/p>\n","protected":false},"featured_media":0,"parent":15816,"menu_order":16300,"template":"","meta":{"_links_to":"","_links_to_target":""},"jask_topic_categories":[1394],"class_list":["post-15819","jask_topic","type-jask_topic","status-publish","hentry","jask_topic_categories-ecological-debt-day-den-okologischen-fusabdruck-erfassen"],"yoast_head":"<!-- This site is optimized with the Yoast SEO plugin v27.4 - https:\/\/yoast.com\/product\/yoast-seo-wordpress\/ -->\n<title>D\u00eda de la deuda ecol\u00f3gica - consultingcheck<\/title>\n<meta name=\"robots\" content=\"index, follow, max-snippet:-1, max-image-preview:large, max-video-preview:-1\" \/>\n<link rel=\"canonical\" href=\"https:\/\/www.consultingcheck.com\/es\/topics\/dia-de-la-deuda-ecologica\/15819\/\" \/>\n<meta property=\"og:locale\" content=\"es_ES\" \/>\n<meta property=\"og:type\" content=\"article\" \/>\n<meta property=\"og:title\" content=\"D\u00eda de la deuda ecol\u00f3gica - consultingcheck\" \/>\n<meta property=\"og:description\" content=\"El D\u00eda de la Deuda Ecol\u00f3gica es interesante. Se trata del d\u00eda del a\u00f1o en que la huella ecol\u00f3gica absorbida por la humanidad es tan grande como la capacidad de nuestra Tierra. Seg\u00fan esto, el l\u00edmite de capacidad se supera ya en julio del a\u00f1o en curso. Durante el resto de los a\u00f1os, \u00absobreexplotamos\u00bb nuestra ...\" \/>\n<meta property=\"og:url\" content=\"https:\/\/www.consultingcheck.com\/es\/topics\/dia-de-la-deuda-ecologica\/15819\/\" \/>\n<meta property=\"og:site_name\" content=\"consultingcheck\" \/>\n<meta property=\"article:modified_time\" content=\"2023-05-18T10:56:25+00:00\" \/>\n<meta property=\"og:image\" content=\"https:\/\/www.consultingcheck.com\/wp-content\/uploads\/2022\/04\/og-bild_1200x630-1024x538.jpg\" \/>\n<meta name=\"twitter:card\" content=\"summary_large_image\" \/>\n<meta name=\"twitter:image\" content=\"https:\/\/www.consultingcheck.com\/wp-content\/uploads\/2022\/04\/og-bild_1200x630-1024x538.jpg\" \/>\n<meta name=\"twitter:label1\" content=\"Tiempo de lectura\" \/>\n\t<meta name=\"twitter:data1\" content=\"2 minutos\" \/>\n<script type=\"application\/ld+json\" class=\"yoast-schema-graph\">{\"@context\":\"https:\\\/\\\/schema.org\",\"@graph\":[{\"@type\":\"WebPage\",\"@id\":\"https:\\\/\\\/www.consultingcheck.com\\\/es\\\/topics\\\/dia-de-la-deuda-ecologica\\\/15819\\\/\",\"url\":\"https:\\\/\\\/www.consultingcheck.com\\\/es\\\/topics\\\/dia-de-la-deuda-ecologica\\\/15819\\\/\",\"name\":\"D\u00eda de la deuda ecol\u00f3gica - consultingcheck\",\"isPartOf\":{\"@id\":\"https:\\\/\\\/www.consultingcheck.com\\\/es\\\/#website\"},\"datePublished\":\"2023-03-07T10:35:12+00:00\",\"dateModified\":\"2023-05-18T10:56:25+00:00\",\"breadcrumb\":{\"@id\":\"https:\\\/\\\/www.consultingcheck.com\\\/es\\\/topics\\\/dia-de-la-deuda-ecologica\\\/15819\\\/#breadcrumb\"},\"inLanguage\":\"es\",\"potentialAction\":[{\"@type\":\"ReadAction\",\"target\":[\"https:\\\/\\\/www.consultingcheck.com\\\/es\\\/topics\\\/dia-de-la-deuda-ecologica\\\/15819\\\/\"]}]},{\"@type\":\"BreadcrumbList\",\"@id\":\"https:\\\/\\\/www.consultingcheck.com\\\/es\\\/topics\\\/dia-de-la-deuda-ecologica\\\/15819\\\/#breadcrumb\",\"itemListElement\":[{\"@type\":\"ListItem\",\"position\":1,\"name\":\"Startseite\",\"item\":\"https:\\\/\\\/www.consultingcheck.com\\\/es\\\/\"},{\"@type\":\"ListItem\",\"position\":2,\"name\":\"Themen\",\"item\":\"https:\\\/\\\/www.consultingcheck.com\\\/es\\\/topic\\\/\"},{\"@type\":\"ListItem\",\"position\":3,\"name\":\"La sostenibilidad como factor de \u00e9xito de las empresas\",\"item\":\"https:\\\/\\\/www.consultingcheck.com\\\/es\\\/topics\\\/sostenibilidad\\\/15815\\\/\"},{\"@type\":\"ListItem\",\"position\":4,\"name\":\"Registrar la huella ecol\u00f3gica o medioambiental\",\"item\":\"https:\\\/\\\/www.consultingcheck.com\\\/es\\\/topics\\\/registrar-la-huella-ecologica-o-medioambiental\\\/15816\\\/\"},{\"@type\":\"ListItem\",\"position\":5,\"name\":\"D\u00eda de la deuda ecol\u00f3gica\"}]},{\"@type\":\"WebSite\",\"@id\":\"https:\\\/\\\/www.consultingcheck.com\\\/es\\\/#website\",\"url\":\"https:\\\/\\\/www.consultingcheck.com\\\/es\\\/\",\"name\":\"consultingcheck\",\"description\":\"Vernetzt gedacht. Entzaubert. Hands-on.\",\"potentialAction\":[{\"@type\":\"SearchAction\",\"target\":{\"@type\":\"EntryPoint\",\"urlTemplate\":\"https:\\\/\\\/www.consultingcheck.com\\\/es\\\/?s={search_term_string}\"},\"query-input\":{\"@type\":\"PropertyValueSpecification\",\"valueRequired\":true,\"valueName\":\"search_term_string\"}}],\"inLanguage\":\"es\"}]}<\/script>\n<!-- \/ Yoast SEO plugin. -->","yoast_head_json":{"title":"D\u00eda de la deuda ecol\u00f3gica - consultingcheck","robots":{"index":"index","follow":"follow","max-snippet":"max-snippet:-1","max-image-preview":"max-image-preview:large","max-video-preview":"max-video-preview:-1"},"canonical":"https:\/\/www.consultingcheck.com\/es\/topics\/dia-de-la-deuda-ecologica\/15819\/","og_locale":"es_ES","og_type":"article","og_title":"D\u00eda de la deuda ecol\u00f3gica - consultingcheck","og_description":"El D\u00eda de la Deuda Ecol\u00f3gica es interesante. Se trata del d\u00eda del a\u00f1o en que la huella ecol\u00f3gica absorbida por la humanidad es tan grande como la capacidad de nuestra Tierra. Seg\u00fan esto, el l\u00edmite de capacidad se supera ya en julio del a\u00f1o en curso. Durante el resto de los a\u00f1os, \u00absobreexplotamos\u00bb nuestra ...","og_url":"https:\/\/www.consultingcheck.com\/es\/topics\/dia-de-la-deuda-ecologica\/15819\/","og_site_name":"consultingcheck","article_modified_time":"2023-05-18T10:56:25+00:00","og_image":[{"url":"https:\/\/www.consultingcheck.com\/wp-content\/uploads\/2022\/04\/og-bild_1200x630-1024x538.jpg","type":"","width":"","height":""}],"twitter_card":"summary_large_image","twitter_image":"https:\/\/www.consultingcheck.com\/wp-content\/uploads\/2022\/04\/og-bild_1200x630-1024x538.jpg","twitter_misc":{"Tiempo de lectura":"2 minutos"},"schema":{"@context":"https:\/\/schema.org","@graph":[{"@type":"WebPage","@id":"https:\/\/www.consultingcheck.com\/es\/topics\/dia-de-la-deuda-ecologica\/15819\/","url":"https:\/\/www.consultingcheck.com\/es\/topics\/dia-de-la-deuda-ecologica\/15819\/","name":"D\u00eda de la deuda ecol\u00f3gica - consultingcheck","isPartOf":{"@id":"https:\/\/www.consultingcheck.com\/es\/#website"},"datePublished":"2023-03-07T10:35:12+00:00","dateModified":"2023-05-18T10:56:25+00:00","breadcrumb":{"@id":"https:\/\/www.consultingcheck.com\/es\/topics\/dia-de-la-deuda-ecologica\/15819\/#breadcrumb"},"inLanguage":"es","potentialAction":[{"@type":"ReadAction","target":["https:\/\/www.consultingcheck.com\/es\/topics\/dia-de-la-deuda-ecologica\/15819\/"]}]},{"@type":"BreadcrumbList","@id":"https:\/\/www.consultingcheck.com\/es\/topics\/dia-de-la-deuda-ecologica\/15819\/#breadcrumb","itemListElement":[{"@type":"ListItem","position":1,"name":"Startseite","item":"https:\/\/www.consultingcheck.com\/es\/"},{"@type":"ListItem","position":2,"name":"Themen","item":"https:\/\/www.consultingcheck.com\/es\/topic\/"},{"@type":"ListItem","position":3,"name":"La sostenibilidad como factor de \u00e9xito de las empresas","item":"https:\/\/www.consultingcheck.com\/es\/topics\/sostenibilidad\/15815\/"},{"@type":"ListItem","position":4,"name":"Registrar la huella ecol\u00f3gica o medioambiental","item":"https:\/\/www.consultingcheck.com\/es\/topics\/registrar-la-huella-ecologica-o-medioambiental\/15816\/"},{"@type":"ListItem","position":5,"name":"D\u00eda de la deuda ecol\u00f3gica"}]},{"@type":"WebSite","@id":"https:\/\/www.consultingcheck.com\/es\/#website","url":"https:\/\/www.consultingcheck.com\/es\/","name":"consultingcheck","description":"Vernetzt gedacht. Entzaubert. Hands-on.","potentialAction":[{"@type":"SearchAction","target":{"@type":"EntryPoint","urlTemplate":"https:\/\/www.consultingcheck.com\/es\/?s={search_term_string}"},"query-input":{"@type":"PropertyValueSpecification","valueRequired":true,"valueName":"search_term_string"}}],"inLanguage":"es"}]}},"_links":{"self":[{"href":"https:\/\/www.consultingcheck.com\/es\/wp-json\/wp\/v2\/jask_topic\/15819","targetHints":{"allow":["GET"]}}],"collection":[{"href":"https:\/\/www.consultingcheck.com\/es\/wp-json\/wp\/v2\/jask_topic"}],"about":[{"href":"https:\/\/www.consultingcheck.com\/es\/wp-json\/wp\/v2\/types\/jask_topic"}],"version-history":[{"count":1,"href":"https:\/\/www.consultingcheck.com\/es\/wp-json\/wp\/v2\/jask_topic\/15819\/revisions"}],"predecessor-version":[{"id":17327,"href":"https:\/\/www.consultingcheck.com\/es\/wp-json\/wp\/v2\/jask_topic\/15819\/revisions\/17327"}],"up":[{"embeddable":true,"href":"https:\/\/www.consultingcheck.com\/es\/wp-json\/wp\/v2\/jask_topic\/15816"}],"wp:attachment":[{"href":"https:\/\/www.consultingcheck.com\/es\/wp-json\/wp\/v2\/media?parent=15819"}],"wp:term":[{"taxonomy":"jask_topic_categories","embeddable":true,"href":"https:\/\/www.consultingcheck.com\/es\/wp-json\/wp\/v2\/jask_topic_categories?post=15819"}],"curies":[{"name":"wp","href":"https:\/\/api.w.org\/{rel}","templated":true}]}}